{"id":1834,"date":"2026-01-21T15:16:47","date_gmt":"2026-01-21T14:16:47","guid":{"rendered":"https:\/\/digithalia.buehnen-graz.com\/?page_id=1834"},"modified":"2026-01-21T15:16:48","modified_gmt":"2026-01-21T14:16:48","slug":"the-caring-machine","status":"publish","type":"page","link":"https:\/\/digithalia.buehnen-graz.com\/en\/programm-2026\/the-caring-machine\/","title":{"rendered":"The Caring Machine"},"content":{"rendered":"<h4 class=\"wp-block-heading has-text-align-right\"><strong><mark style=\"background-color:#5b2182\" class=\"has-inline-color has-bg-color-color\">in English with German subtitles  <\/mark><\/strong><\/h4>\n\n\n\n<div class=\"wp-block-media-text is-stacked-on-mobile\"><figure class=\"wp-block-media-text__media\"><img fetchpriority=\"high\" decoding=\"async\" width=\"1024\" height=\"470\" src=\"https:\/\/digithalia.buehnen-graz.com\/wp-content\/uploads\/2026\/01\/68c635_9609f73a292043b8816c44d56ed6405fmv2-1024x470.jpg\" alt=\"\" class=\"wp-image-2027 size-full\" srcset=\"https:\/\/digithalia.buehnen-graz.com\/wp-content\/uploads\/2026\/01\/68c635_9609f73a292043b8816c44d56ed6405fmv2-1024x470.jpg 1024w, https:\/\/digithalia.buehnen-graz.com\/wp-content\/uploads\/2026\/01\/68c635_9609f73a292043b8816c44d56ed6405fmv2-300x138.jpg 300w, https:\/\/digithalia.buehnen-graz.com\/wp-content\/uploads\/2026\/01\/68c635_9609f73a292043b8816c44d56ed6405fmv2-768x353.jpg 768w, https:\/\/digithalia.buehnen-graz.com\/wp-content\/uploads\/2026\/01\/68c635_9609f73a292043b8816c44d56ed6405fmv2-1536x705.jpg 1536w, https:\/\/digithalia.buehnen-graz.com\/wp-content\/uploads\/2026\/01\/68c635_9609f73a292043b8816c44d56ed6405fmv2-2048x940.jpg 2048w, https:\/\/digithalia.buehnen-graz.com\/wp-content\/uploads\/2026\/01\/68c635_9609f73a292043b8816c44d56ed6405fmv2-18x8.jpg 18w, https:\/\/digithalia.buehnen-graz.com\/wp-content\/uploads\/2026\/01\/68c635_9609f73a292043b8816c44d56ed6405fmv2-370x170.jpg 370w, https:\/\/digithalia.buehnen-graz.com\/wp-content\/uploads\/2026\/01\/68c635_9609f73a292043b8816c44d56ed6405fmv2-840x386.jpg 840w, https:\/\/digithalia.buehnen-graz.com\/wp-content\/uploads\/2026\/01\/68c635_9609f73a292043b8816c44d56ed6405fmv2-410x188.jpg 410w\" sizes=\"(max-width: 1024px) 100vw, 1024px\" \/><\/figure><div class=\"wp-block-media-text__content\">\n<h3 class=\"wp-block-heading\"><em>Musikerbalkon (Zugang \u00fcber 3. Rang Foyer)<\/em><\/h3>\n\n\n\n<p><strong>Diese Installation ist jederzeit mit Z\u00e4hlkarte frei zug\u00e4nglich<\/strong>.<\/p>\n\n\n\n<h5 class=\"wp-block-heading\">25. bis 27.03.2026, 18:00-22:00 Uhr<\/h5>\n\n\n\n<h5 class=\"wp-block-heading\"><a href=\"https:\/\/ticketzentrum.buehnen-graz.com\/vorstellung\/2025-03-20-180000\/#seatmap\">28.03.2026, 16:00-20:00 Uhr<\/a><a href=\"https:\/\/ticketzentrum.buehnen-graz.com\/Shop?eid=30628\" target=\"_blank\" rel=\"noopener\"><\/a><a href=\"https:\/\/ticketzentrum.buehnen-graz.com\/Shop?eid=30629\" target=\"_blank\" rel=\"noopener\"><\/a><\/h5>\n\n\n\n<p class=\"has-small-font-size\">Bei besonderem Andrang kann es bei den Arbeiten vor Ort zu Wartezeiten kommen.<\/p>\n\n\n\n<p><\/p>\n\n\n\n<p><\/p>\n<\/div><\/div>\n\n\n\n<h1 class=\"wp-block-heading\">The Caring Machine<\/h1>\n\n\n<div class=\"ewa-rteLine\">Cecilie Waagner Falkenstr\u00f8m<\/div>\n<div class=\"ewa-rteLine\">ARTificial Mind Studio [D\u00e4nemark]<\/div>\n<div class=\"ewa-rteLine\"><strong>Video-Installation<\/strong><\/div>\n<p><strong><br \/><\/strong>10 Minuten<\/p>\n<div class=\"ewa-rteLine\">\n<p>Let's imagine a future in which artificial intelligence accompanies us from the cradle to the grave! In \u2018The Caring Machine,\u2019 we lie on our deathbed. A loving digital companion \u2018sits\u2019 by our side, watching over us and speaking to us in a soothing voice. What does a future look like in which artificial intelligence takes on caregiving tasks in a growing healthcare sector? Is artificial intelligence a comforting presence or a stark reminder of how deeply technology has permeated even our most intimate moments? \u2018The Caring Machine\u2019 explores how emotional relationships between humans and machines could challenge our ideas about who \u2013 or what \u2013 we share our most intimate moments with in the future. As more and more data sets accumulate and artificial intelligence becomes increasingly adept at reading human facial expressions and emotions and simulating emotional intelligence, we need to consider how we can build meaningful relationships not only with machines, but also with each other: Can a machine take on caregiving tasks, or does this require something uniquely human that cannot be replaced by a machine?<\/p>\n<\/div>\n<div>\u00a0<\/div>\n<div><strong>by <\/strong><span style=\"font-size: revert; background-color: rgba(0, 0, 0, 0); color: initial; letter-spacing: 0.1px;\">Cecilie Waagner Falkenstr\u00f8m<\/span><\/div>\n<div>\n<div class=\"ewa-rteLine\"><b><b>Production <\/b><\/b>ARTificial Mind, Cecilie Waagner Falkenstr\u00f8m<\/div>\n<div class=\"ewa-rteLine\"><strong>K\u00fcnstler &amp; UX-Designer <\/strong><span style=\"font-size: revert; background-color: rgba(0, 0, 0, 0); color: initial; letter-spacing: 0.1px;\">Cody Lukas<\/span><\/div>\n<div><strong>Assistenz-K\u00fcnstler<\/strong> Asbj\u00f8rn Olling<\/div>\n<div>\n<p><strong>Software-Ingenieur<\/strong> Vincent Olesen<\/p>\n<\/div>\n<\/div>\n<div>\n<p><strong>Premiere<\/strong>\u00a02024, Trapholt, Kolding, D\u00e4nemark<\/p>\n<\/div>\n\n\n<div style=\"height:50px\" aria-hidden=\"true\" class=\"wp-block-spacer\"><\/div>\n\n\n\n<figure class=\"wp-block-image size-large\"><img decoding=\"async\" width=\"1024\" height=\"576\" src=\"https:\/\/digithalia.buehnen-graz.com\/wp-content\/uploads\/2026\/01\/caringmachine_3-1024x576.png\" alt=\"\" class=\"wp-image-2028\" srcset=\"https:\/\/digithalia.buehnen-graz.com\/wp-content\/uploads\/2026\/01\/caringmachine_3-1024x576.png 1024w, https:\/\/digithalia.buehnen-graz.com\/wp-content\/uploads\/2026\/01\/caringmachine_3-300x169.png 300w, https:\/\/digithalia.buehnen-graz.com\/wp-content\/uploads\/2026\/01\/caringmachine_3-768x432.png 768w, https:\/\/digithalia.buehnen-graz.com\/wp-content\/uploads\/2026\/01\/caringmachine_3-1536x864.png 1536w, https:\/\/digithalia.buehnen-graz.com\/wp-content\/uploads\/2026\/01\/caringmachine_3-18x10.png 18w, https:\/\/digithalia.buehnen-graz.com\/wp-content\/uploads\/2026\/01\/caringmachine_3-370x208.png 370w, https:\/\/digithalia.buehnen-graz.com\/wp-content\/uploads\/2026\/01\/caringmachine_3-1290x725.png 1290w, https:\/\/digithalia.buehnen-graz.com\/wp-content\/uploads\/2026\/01\/caringmachine_3-840x472.png 840w, https:\/\/digithalia.buehnen-graz.com\/wp-content\/uploads\/2026\/01\/caringmachine_3-410x231.png 410w, https:\/\/digithalia.buehnen-graz.com\/wp-content\/uploads\/2026\/01\/caringmachine_3-270x152.png 270w, https:\/\/digithalia.buehnen-graz.com\/wp-content\/uploads\/2026\/01\/caringmachine_3.png 1885w\" sizes=\"(max-width: 1024px) 100vw, 1024px\" \/><\/figure>","protected":false},"excerpt":{"rendered":"<p>in Englisch mit deutschen Untertiteln Musikerbalkon (Zugang \u00fcber 3. Rang Foyer) Diese Installation ist jederzeit mit Z\u00e4hlkarte frei zug\u00e4nglich. 25. bis 27.03.2026, 18:00-22:00 Uhr 28.03.2026, 16:00-20:00 Uhr Bei besonderem Andrang&hellip;<\/p>","protected":false},"author":2,"featured_media":0,"parent":1789,"menu_order":0,"comment_status":"closed","ping_status":"closed","template":"","meta":{"footnotes":"","_links_to":"","_links_to_target":""},"class_list":["post-1834","page","type-page","status-publish","hentry"],"yoast_head":"<!-- This site is optimized with the Yoast SEO plugin v26.2 - https:\/\/yoast.com\/wordpress\/plugins\/seo\/ -->\n<title>The Caring Machine - Digithalia<\/title>\n<meta name=\"robots\" content=\"index, follow, max-snippet:-1, max-image-preview:large, max-video-preview:-1\" \/>\n<link rel=\"canonical\" href=\"https:\/\/digithalia.buehnen-graz.com\/en\/programm-2026\/the-caring-machine\/\" \/>\n<meta property=\"og:locale\" content=\"en_GB\" \/>\n<meta property=\"og:type\" content=\"article\" \/>\n<meta property=\"og:title\" content=\"The Caring Machine - Digithalia\" \/>\n<meta property=\"og:description\" content=\"in Englisch mit deutschen Untertiteln Musikerbalkon (Zugang \u00fcber 3. Rang Foyer) Diese Installation ist jederzeit mit Z\u00e4hlkarte frei zug\u00e4nglich. 25. bis 27.03.2026, 18:00-22:00 Uhr 28.03.2026, 16:00-20:00 Uhr Bei besonderem Andrang&hellip;\" \/>\n<meta property=\"og:url\" content=\"https:\/\/digithalia.buehnen-graz.com\/en\/programm-2026\/the-caring-machine\/\" \/>\n<meta property=\"og:site_name\" content=\"Digithalia\" \/>\n<meta property=\"article:modified_time\" content=\"2026-01-21T14:16:48+00:00\" \/>\n<meta property=\"og:image\" content=\"https:\/\/digithalia.buehnen-graz.com\/wp-content\/uploads\/2026\/01\/68c635_9609f73a292043b8816c44d56ed6405fmv2-scaled.jpg\" \/>\n\t<meta property=\"og:image:width\" content=\"2560\" \/>\n\t<meta property=\"og:image:height\" content=\"1175\" \/>\n\t<meta property=\"og:image:type\" content=\"image\/jpeg\" \/>\n<meta name=\"twitter:card\" content=\"summary_large_image\" \/>\n<meta name=\"twitter:label1\" content=\"Est. reading time\" \/>\n\t<meta name=\"twitter:data1\" content=\"2 minutes\" \/>\n<script type=\"application\/ld+json\" class=\"yoast-schema-graph\">{\"@context\":\"https:\/\/schema.org\",\"@graph\":[{\"@type\":\"WebPage\",\"@id\":\"https:\/\/digithalia.buehnen-graz.com\/programm-2026\/the-caring-machine\/\",\"url\":\"https:\/\/digithalia.buehnen-graz.com\/programm-2026\/the-caring-machine\/\",\"name\":\"The Caring Machine - Digithalia\",\"isPartOf\":{\"@id\":\"https:\/\/digithalia.buehnen-graz.com\/#website\"},\"primaryImageOfPage\":{\"@id\":\"https:\/\/digithalia.buehnen-graz.com\/programm-2026\/the-caring-machine\/#primaryimage\"},\"image\":{\"@id\":\"https:\/\/digithalia.buehnen-graz.com\/programm-2026\/the-caring-machine\/#primaryimage\"},\"thumbnailUrl\":\"https:\/\/digithalia.buehnen-graz.com\/wp-content\/uploads\/2026\/01\/68c635_9609f73a292043b8816c44d56ed6405fmv2-1024x470.jpg\",\"datePublished\":\"2026-01-21T14:16:47+00:00\",\"dateModified\":\"2026-01-21T14:16:48+00:00\",\"breadcrumb\":{\"@id\":\"https:\/\/digithalia.buehnen-graz.com\/programm-2026\/the-caring-machine\/#breadcrumb\"},\"inLanguage\":\"en-GB\",\"potentialAction\":[{\"@type\":\"ReadAction\",\"target\":[\"https:\/\/digithalia.buehnen-graz.com\/programm-2026\/the-caring-machine\/\"]}]},{\"@type\":\"ImageObject\",\"inLanguage\":\"en-GB\",\"@id\":\"https:\/\/digithalia.buehnen-graz.com\/programm-2026\/the-caring-machine\/#primaryimage\",\"url\":\"https:\/\/digithalia.buehnen-graz.com\/wp-content\/uploads\/2026\/01\/68c635_9609f73a292043b8816c44d56ed6405fmv2-1024x470.jpg\",\"contentUrl\":\"https:\/\/digithalia.buehnen-graz.com\/wp-content\/uploads\/2026\/01\/68c635_9609f73a292043b8816c44d56ed6405fmv2-1024x470.jpg\"},{\"@type\":\"BreadcrumbList\",\"@id\":\"https:\/\/digithalia.buehnen-graz.com\/programm-2026\/the-caring-machine\/#breadcrumb\",\"itemListElement\":[{\"@type\":\"ListItem\",\"position\":1,\"name\":\"Home\",\"item\":\"https:\/\/digithalia.buehnen-graz.com\/\"},{\"@type\":\"ListItem\",\"position\":2,\"name\":\"Programm 2026\",\"item\":\"https:\/\/digithalia.buehnen-graz.com\/programm-2026\/\"},{\"@type\":\"ListItem\",\"position\":3,\"name\":\"The Caring Machine\"}]},{\"@type\":\"WebSite\",\"@id\":\"https:\/\/digithalia.buehnen-graz.com\/#website\",\"url\":\"https:\/\/digithalia.buehnen-graz.com\/\",\"name\":\"Digithalia\",\"description\":\"\",\"publisher\":{\"@id\":\"https:\/\/digithalia.buehnen-graz.com\/#organization\"},\"potentialAction\":[{\"@type\":\"SearchAction\",\"target\":{\"@type\":\"EntryPoint\",\"urlTemplate\":\"https:\/\/digithalia.buehnen-graz.com\/?s={search_term_string}\"},\"query-input\":{\"@type\":\"PropertyValueSpecification\",\"valueRequired\":true,\"valueName\":\"search_term_string\"}}],\"inLanguage\":\"en-GB\"},{\"@type\":\"Organization\",\"@id\":\"https:\/\/digithalia.buehnen-graz.com\/#organization\",\"name\":\"Digithalia\",\"url\":\"https:\/\/digithalia.buehnen-graz.com\/\",\"logo\":{\"@type\":\"ImageObject\",\"inLanguage\":\"en-GB\",\"@id\":\"https:\/\/digithalia.buehnen-graz.com\/#\/schema\/logo\/image\/\",\"url\":\"https:\/\/digithalia.buehnen-graz.com\/wp-content\/uploads\/2025\/06\/cropped-Digithalia_WEB_Logo_SMALL.png\",\"contentUrl\":\"https:\/\/digithalia.buehnen-graz.com\/wp-content\/uploads\/2025\/06\/cropped-Digithalia_WEB_Logo_SMALL.png\",\"width\":5000,\"height\":1201,\"caption\":\"Digithalia\"},\"image\":{\"@id\":\"https:\/\/digithalia.buehnen-graz.com\/#\/schema\/logo\/image\/\"}}]}<\/script>\n<!-- \/ Yoast SEO plugin. -->","yoast_head_json":{"title":"The Caring Machine - Digithalia","robots":{"index":"index","follow":"follow","max-snippet":"max-snippet:-1","max-image-preview":"max-image-preview:large","max-video-preview":"max-video-preview:-1"},"canonical":"https:\/\/digithalia.buehnen-graz.com\/en\/programm-2026\/the-caring-machine\/","og_locale":"en_GB","og_type":"article","og_title":"The Caring Machine - Digithalia","og_description":"in Englisch mit deutschen Untertiteln Musikerbalkon (Zugang \u00fcber 3. Rang Foyer) Diese Installation ist jederzeit mit Z\u00e4hlkarte frei zug\u00e4nglich. 25. bis 27.03.2026, 18:00-22:00 Uhr 28.03.2026, 16:00-20:00 Uhr Bei besonderem Andrang&hellip;","og_url":"https:\/\/digithalia.buehnen-graz.com\/en\/programm-2026\/the-caring-machine\/","og_site_name":"Digithalia","article_modified_time":"2026-01-21T14:16:48+00:00","og_image":[{"width":2560,"height":1175,"url":"https:\/\/digithalia.buehnen-graz.com\/wp-content\/uploads\/2026\/01\/68c635_9609f73a292043b8816c44d56ed6405fmv2-scaled.jpg","type":"image\/jpeg"}],"twitter_card":"summary_large_image","twitter_misc":{"Est. reading time":"2 minutes"},"schema":{"@context":"https:\/\/schema.org","@graph":[{"@type":"WebPage","@id":"https:\/\/digithalia.buehnen-graz.com\/programm-2026\/the-caring-machine\/","url":"https:\/\/digithalia.buehnen-graz.com\/programm-2026\/the-caring-machine\/","name":"The Caring Machine - Digithalia","isPartOf":{"@id":"https:\/\/digithalia.buehnen-graz.com\/#website"},"primaryImageOfPage":{"@id":"https:\/\/digithalia.buehnen-graz.com\/programm-2026\/the-caring-machine\/#primaryimage"},"image":{"@id":"https:\/\/digithalia.buehnen-graz.com\/programm-2026\/the-caring-machine\/#primaryimage"},"thumbnailUrl":"https:\/\/digithalia.buehnen-graz.com\/wp-content\/uploads\/2026\/01\/68c635_9609f73a292043b8816c44d56ed6405fmv2-1024x470.jpg","datePublished":"2026-01-21T14:16:47+00:00","dateModified":"2026-01-21T14:16:48+00:00","breadcrumb":{"@id":"https:\/\/digithalia.buehnen-graz.com\/programm-2026\/the-caring-machine\/#breadcrumb"},"inLanguage":"en-GB","potentialAction":[{"@type":"ReadAction","target":["https:\/\/digithalia.buehnen-graz.com\/programm-2026\/the-caring-machine\/"]}]},{"@type":"ImageObject","inLanguage":"en-GB","@id":"https:\/\/digithalia.buehnen-graz.com\/programm-2026\/the-caring-machine\/#primaryimage","url":"https:\/\/digithalia.buehnen-graz.com\/wp-content\/uploads\/2026\/01\/68c635_9609f73a292043b8816c44d56ed6405fmv2-1024x470.jpg","contentUrl":"https:\/\/digithalia.buehnen-graz.com\/wp-content\/uploads\/2026\/01\/68c635_9609f73a292043b8816c44d56ed6405fmv2-1024x470.jpg"},{"@type":"BreadcrumbList","@id":"https:\/\/digithalia.buehnen-graz.com\/programm-2026\/the-caring-machine\/#breadcrumb","itemListElement":[{"@type":"ListItem","position":1,"name":"Home","item":"https:\/\/digithalia.buehnen-graz.com\/"},{"@type":"ListItem","position":2,"name":"Programm 2026","item":"https:\/\/digithalia.buehnen-graz.com\/programm-2026\/"},{"@type":"ListItem","position":3,"name":"The Caring Machine"}]},{"@type":"WebSite","@id":"https:\/\/digithalia.buehnen-graz.com\/#website","url":"https:\/\/digithalia.buehnen-graz.com\/","name":"Digithalia","description":"","publisher":{"@id":"https:\/\/digithalia.buehnen-graz.com\/#organization"},"potentialAction":[{"@type":"SearchAction","target":{"@type":"EntryPoint","urlTemplate":"https:\/\/digithalia.buehnen-graz.com\/?s={search_term_string}"},"query-input":{"@type":"PropertyValueSpecification","valueRequired":true,"valueName":"search_term_string"}}],"inLanguage":"en-GB"},{"@type":"Organization","@id":"https:\/\/digithalia.buehnen-graz.com\/#organization","name":"Digithalia","url":"https:\/\/digithalia.buehnen-graz.com\/","logo":{"@type":"ImageObject","inLanguage":"en-GB","@id":"https:\/\/digithalia.buehnen-graz.com\/#\/schema\/logo\/image\/","url":"https:\/\/digithalia.buehnen-graz.com\/wp-content\/uploads\/2025\/06\/cropped-Digithalia_WEB_Logo_SMALL.png","contentUrl":"https:\/\/digithalia.buehnen-graz.com\/wp-content\/uploads\/2025\/06\/cropped-Digithalia_WEB_Logo_SMALL.png","width":5000,"height":1201,"caption":"Digithalia"},"image":{"@id":"https:\/\/digithalia.buehnen-graz.com\/#\/schema\/logo\/image\/"}}]}},"_links":{"self":[{"href":"https:\/\/digithalia.buehnen-graz.com\/en\/wp-json\/wp\/v2\/pages\/1834","targetHints":{"allow":["GET"]}}],"collection":[{"href":"https:\/\/digithalia.buehnen-graz.com\/en\/wp-json\/wp\/v2\/pages"}],"about":[{"href":"https:\/\/digithalia.buehnen-graz.com\/en\/wp-json\/wp\/v2\/types\/page"}],"author":[{"embeddable":true,"href":"https:\/\/digithalia.buehnen-graz.com\/en\/wp-json\/wp\/v2\/users\/2"}],"replies":[{"embeddable":true,"href":"https:\/\/digithalia.buehnen-graz.com\/en\/wp-json\/wp\/v2\/comments?post=1834"}],"version-history":[{"count":11,"href":"https:\/\/digithalia.buehnen-graz.com\/en\/wp-json\/wp\/v2\/pages\/1834\/revisions"}],"predecessor-version":[{"id":2057,"href":"https:\/\/digithalia.buehnen-graz.com\/en\/wp-json\/wp\/v2\/pages\/1834\/revisions\/2057"}],"up":[{"embeddable":true,"href":"https:\/\/digithalia.buehnen-graz.com\/en\/wp-json\/wp\/v2\/pages\/1789"}],"wp:attachment":[{"href":"https:\/\/digithalia.buehnen-graz.com\/en\/wp-json\/wp\/v2\/media?parent=1834"}],"curies":[{"name":"wp","href":"https:\/\/api.w.org\/{rel}","templated":true}]}}