{"id":1812,"date":"2026-01-21T14:57:04","date_gmt":"2026-01-21T13:57:04","guid":{"rendered":"https:\/\/digithalia.buehnen-graz.com\/?page_id=1812"},"modified":"2026-03-20T09:52:05","modified_gmt":"2026-03-20T08:52:05","slug":"die-tragoedie-von-romeo-julia","status":"publish","type":"page","link":"https:\/\/digithalia.buehnen-graz.com\/en\/programm-2026\/die-tragoedie-von-romeo-julia\/","title":{"rendered":"Die Trag\u00f6die von Romeo &amp; Julia"},"content":{"rendered":"<h4 class=\"wp-block-heading has-text-align-right\"><strong><mark style=\"background-color:#5b2182\" class=\"has-inline-color has-bg-color-color\">in Deutsch mit englischen \u00dcbertiteln  <\/mark><\/strong><\/h4>\n\n\n\n<div class=\"wp-block-media-text is-stacked-on-mobile\"><figure class=\"wp-block-media-text__media\"><img fetchpriority=\"high\" decoding=\"async\" width=\"1024\" height=\"683\" src=\"https:\/\/digithalia.buehnen-graz.com\/wp-content\/uploads\/2026\/01\/Romeo-und-Julia_Mario-Lopatta_Luiza-Monteiro_0114_c_Lex-Karelly-1024x683.jpg\" alt=\"\" class=\"wp-image-1820 size-full\" srcset=\"https:\/\/digithalia.buehnen-graz.com\/wp-content\/uploads\/2026\/01\/Romeo-und-Julia_Mario-Lopatta_Luiza-Monteiro_0114_c_Lex-Karelly-1024x683.jpg 1024w, https:\/\/digithalia.buehnen-graz.com\/wp-content\/uploads\/2026\/01\/Romeo-und-Julia_Mario-Lopatta_Luiza-Monteiro_0114_c_Lex-Karelly-300x200.jpg 300w, https:\/\/digithalia.buehnen-graz.com\/wp-content\/uploads\/2026\/01\/Romeo-und-Julia_Mario-Lopatta_Luiza-Monteiro_0114_c_Lex-Karelly-768x512.jpg 768w, https:\/\/digithalia.buehnen-graz.com\/wp-content\/uploads\/2026\/01\/Romeo-und-Julia_Mario-Lopatta_Luiza-Monteiro_0114_c_Lex-Karelly-1536x1024.jpg 1536w, https:\/\/digithalia.buehnen-graz.com\/wp-content\/uploads\/2026\/01\/Romeo-und-Julia_Mario-Lopatta_Luiza-Monteiro_0114_c_Lex-Karelly-18x12.jpg 18w, https:\/\/digithalia.buehnen-graz.com\/wp-content\/uploads\/2026\/01\/Romeo-und-Julia_Mario-Lopatta_Luiza-Monteiro_0114_c_Lex-Karelly-370x247.jpg 370w, https:\/\/digithalia.buehnen-graz.com\/wp-content\/uploads\/2026\/01\/Romeo-und-Julia_Mario-Lopatta_Luiza-Monteiro_0114_c_Lex-Karelly-840x560.jpg 840w, https:\/\/digithalia.buehnen-graz.com\/wp-content\/uploads\/2026\/01\/Romeo-und-Julia_Mario-Lopatta_Luiza-Monteiro_0114_c_Lex-Karelly-410x273.jpg 410w, https:\/\/digithalia.buehnen-graz.com\/wp-content\/uploads\/2026\/01\/Romeo-und-Julia_Mario-Lopatta_Luiza-Monteiro_0114_c_Lex-Karelly.jpg 1920w\" sizes=\"(max-width: 1024px) 100vw, 1024px\" \/><\/figure><div class=\"wp-block-media-text__content\">\n<h3 class=\"wp-block-heading\"><em>Schauspielhaus<\/em><\/h3>\n\n\n\n<h5 class=\"wp-block-heading\">26.03.2026, 19:30 Uhr, <a style=\"font-size: 1.412em; display: inline !important;\" href=\"https:\/\/ticketzentrum.buehnen-graz.com\/vorstellung\/2026-03-26-193000-3\/#seatmap\" target=\"_blank\" rel=\"noreferrer noopener\">Tickets<\/a><a href=\"https:\/\/ticketzentrum.buehnen-graz.com\/Shop?eid=30628\" target=\"_blank\" rel=\"noopener\"><\/a><a href=\"https:\/\/ticketzentrum.buehnen-graz.com\/Shop?eid=30629\" target=\"_blank\" rel=\"noopener\"><\/a><\/h5>\n\n\n\n<p>Einf\u00fchrung um 19:00 Uhr<\/p>\n\n\n\n<p><\/p>\n\n\n\n<p><\/p>\n<\/div><\/div>\n\n\n\n<h1 class=\"wp-block-heading\">Die Trag\u00f6die von Romeo &amp; Julia<\/h1>\n\n\n<div class=\"ewa-rteLine\">nach William Shakespeare, Emre Akal, Mehmet &amp; Kazim\u00a0<\/div>\n<div>Schauspielhaus Graz [\u00d6sterreich]<\/div>\n<div class=\"ewa-rteLine\"><strong>Schauspiel<\/strong><\/div>\n<p><strong><br \/><\/strong>100 minutes<\/p>\n<div class=\"ewa-rteLine\">Two families, an ancient hatred, and between them a love that has no chance. Emre Akal's production of \u2018The Tragedy of Romeo &amp; Juliet\u2019 at the Schauspielhaus Graz combines digital projections and stage space so precisely that an indistinguishable, visually radical world is created. Digital images mirror and duplicate the action, becoming the dramaturgical engine and telling the story on an equal footing with language and body. The result is a political laboratory in which the analogue and digital levels merge and social mechanisms become visible. The visually powerful and socially highly topical reinterpretation premiered in October 2025 and can be seen for the last time as part of \u2018DIGITHALIA\u2019.<\/div>\n<div>\u00a0<\/div>\n<div class=\"ewa-rteLine\">\n<p>er gefeierte Regisseur Emre Akal, der mit dem gleichen k\u00fcnstlerischen Team in der ersten Spielzeit mit Elfriede Jelineks \u00bbSonne \/ Luft\u00ab sein viel beachtetes Graz-Deb\u00fct gab und es auf die Shortlist des Berliner Theatertreffens schaffte, kehrt mit einer radikalen Inszenierung ans Schauspielhaus Graz zur\u00fcck, in der Sprache, K\u00f6rper und Bild gleichberechtigt die ber\u00fchmte Liebesgeschichte erz\u00e4hlen. Schon bei Shakespeare beginnt und endet alles mit Gewalt. In Emre Akals Interpretation von \u00bbRomeo und Julia\u00ab wird sie zum Kern einer Geschichte, die weit \u00fcber den Mythos tragischer Liebe hinausweist. Das aus der Bildenden Kunst kommende Duo Mehmet &amp; Kazim, das 2024 f\u00fcr das B\u00fchnenbild von \u00bbSonne \/ Luft\u00ab f\u00fcr den Nestroy-Theaterpreis nominiert war, kombiniert in seiner B\u00fchne Digitalit\u00e4t mit der Dreidimensionalit\u00e4t des Theaters. Die Projektionen f\u00fcgen sich derart konsequent ins B\u00fchnenbild ein, dass sie ununterscheidbar eins werden. Bis zu den kleinsten Details pr\u00e4zise und homogen gestaltet, sind dieser Welt alptraumhaft die Farben entzogen. Zusammen mit Lara Ro\u00dfwag, von der Fachzeitschrift Theater Heute f\u00fcr ihre Arbeiten mit Emre Akal zur \u00bbKost\u00fcmbildnerin des Jahres 2025\u00ab gek\u00fcrt, und den atmosph\u00e4rischen Sounds von Musiker und Komponist Enik schaffen sie so eine g\u00e4nzlich eigene, visuell unvergleichliche Welt. <em>Theater Heute<\/em> f\u00fcr ihre Arbeiten mit Emre Akal zur \u00bbKost\u00fcmbildnerin des Jahres 2025\u00ab gek\u00fcrt, und den atmosph\u00e4rischen Sounds von Musiker und Komponist Enik schaffen sie so eine g\u00e4nzlich eigene, visuell unvergleichliche Welt.<\/p>\n<\/div>\n<div>\u00a0<\/div>\n<div>\u00a0<\/div>\n<div>\n<div>\n<div><strong>by <\/strong>Emre Akal<\/div>\n<div>\n<div class=\"ewa-rteLine\"><b>Stage<\/b> Mehmet &amp; Kazim<\/div>\n<div class=\"ewa-rteLine\"><strong>Costumes<\/strong> Lara Ro\u00dfwag<\/div>\n<div><strong>Mitarbeit Kost\u00fcme<\/strong> Jacqueline Elaine Koch<\/div>\n<div><strong>Music<\/strong> Enik<\/div>\n<div><strong>Dramaturgy<\/strong> Anna-Sophia G\u00fcther<\/div>\n<div><strong>Lighting<\/strong> <span style=\"font-size: revert; background-color: var(--theme-color-bg_color); color: initial; letter-spacing: 0.1px;\">Anton Oswald<\/span><\/div>\n<\/div>\n<\/div>\n<div>\u00a0<\/div>\n<\/div>\n<div>\n<p><strong>Premiere:<\/strong> 2025, Schauspielhaus Graz<\/p>\n<\/div>\n<div>\n<div>\n<div class=\"ewa-rteLine\"><strong><strong>with <\/strong><\/strong><span style=\"font-size: revert; background-color: var(--theme-color-bg_color); color: initial; letter-spacing: 0.1px;\">Luisa Schwab (Mutter) Luiza Monteiro (Julia), Anke Stedingk (Amme), Anna Klimovitskaya (Tybalt)<\/span><\/div>\n<\/div>\n<div>\u00a0<\/div>\n<div class=\"ewa-rteLine\"><strong><a href=\"https:\/\/schauspielhaus-graz.buehnen-graz.com\/produktion\/die-tragoedie-von-romeo-julia\/\" target=\"_blank\" rel=\"noopener\">WEITERE INFOS<\/a><\/strong><\/div>\n<\/div>\n\n\n<div style=\"height:50px\" aria-hidden=\"true\" class=\"wp-block-spacer\"><\/div>\n\n\n\n<figure class=\"wp-block-embed is-type-video is-provider-youtube wp-block-embed-youtube wp-embed-aspect-16-9 wp-has-aspect-ratio\"><div class=\"wp-block-embed__wrapper\">\n<iframe title=\"SCHAUSPIELHAUS GRAZ: Trailer DIE TRAG\u00d6DIE VON ROMEO &amp; JULIA\" width=\"1290\" height=\"726\" src=\"https:\/\/www.youtube.com\/embed\/0smo4bXNCy0?feature=oembed\" frameborder=\"0\" allow=\"accelerometer; autoplay; clipboard-write; encrypted-media; gyroscope; picture-in-picture; web-share\" referrerpolicy=\"strict-origin-when-cross-origin\" allowfullscreen><\/iframe>\n<\/div><\/figure>\n\n\n\n<p><\/p>","protected":false},"excerpt":{"rendered":"<p>in Deutsch mit englischen \u00dcbertiteln Schauspielhaus 26.03.2026, 19:30 Uhr, Tickets Einf\u00fchrung um 19:00 Uhr Die Trag\u00f6die von Romeo &amp; Julia nach William Shakespeare, Emre Akal, Mehmet &amp; Kazim\u00a0 Schauspielhaus Graz&hellip;<\/p>","protected":false},"author":2,"featured_media":0,"parent":1789,"menu_order":0,"comment_status":"closed","ping_status":"closed","template":"","meta":{"footnotes":"","_links_to":"","_links_to_target":""},"class_list":["post-1812","page","type-page","status-publish","hentry"],"yoast_head":"<!-- This site is optimized with the Yoast SEO plugin v26.2 - https:\/\/yoast.com\/wordpress\/plugins\/seo\/ -->\n<title>Die Trag\u00f6die von Romeo &amp; Julia - Digithalia<\/title>\n<meta name=\"robots\" content=\"index, follow, max-snippet:-1, max-image-preview:large, max-video-preview:-1\" \/>\n<link rel=\"canonical\" href=\"https:\/\/digithalia.buehnen-graz.com\/en\/programm-2026\/die-tragoedie-von-romeo-julia\/\" \/>\n<meta property=\"og:locale\" content=\"en_GB\" \/>\n<meta property=\"og:type\" content=\"article\" \/>\n<meta property=\"og:title\" content=\"Die Trag\u00f6die von Romeo &amp; Julia - Digithalia\" \/>\n<meta property=\"og:description\" content=\"in Deutsch mit englischen \u00dcbertiteln Schauspielhaus 26.03.2026, 19:30 Uhr, Tickets Einf\u00fchrung um 19:00 Uhr Die Trag\u00f6die von Romeo &amp; Julia nach William Shakespeare, Emre Akal, Mehmet &amp; Kazim\u00a0 Schauspielhaus Graz&hellip;\" \/>\n<meta property=\"og:url\" content=\"https:\/\/digithalia.buehnen-graz.com\/en\/programm-2026\/die-tragoedie-von-romeo-julia\/\" \/>\n<meta property=\"og:site_name\" content=\"Digithalia\" \/>\n<meta property=\"article:modified_time\" content=\"2026-03-20T08:52:05+00:00\" \/>\n<meta property=\"og:image\" content=\"https:\/\/digithalia.buehnen-graz.com\/wp-content\/uploads\/2026\/01\/Romeo-und-Julia_Mario-Lopatta_Luiza-Monteiro_0114_c_Lex-Karelly.jpg\" \/>\n\t<meta property=\"og:image:width\" content=\"1920\" \/>\n\t<meta property=\"og:image:height\" content=\"1280\" \/>\n\t<meta property=\"og:image:type\" content=\"image\/jpeg\" \/>\n<meta name=\"twitter:card\" content=\"summary_large_image\" \/>\n<meta name=\"twitter:label1\" content=\"Est. reading time\" \/>\n\t<meta name=\"twitter:data1\" content=\"3 minutes\" \/>\n<script type=\"application\/ld+json\" class=\"yoast-schema-graph\">{\"@context\":\"https:\/\/schema.org\",\"@graph\":[{\"@type\":\"WebPage\",\"@id\":\"https:\/\/digithalia.buehnen-graz.com\/programm-2026\/die-tragoedie-von-romeo-julia\/\",\"url\":\"https:\/\/digithalia.buehnen-graz.com\/programm-2026\/die-tragoedie-von-romeo-julia\/\",\"name\":\"Die Trag\u00f6die von Romeo &amp; Julia - Digithalia\",\"isPartOf\":{\"@id\":\"https:\/\/digithalia.buehnen-graz.com\/#website\"},\"primaryImageOfPage\":{\"@id\":\"https:\/\/digithalia.buehnen-graz.com\/programm-2026\/die-tragoedie-von-romeo-julia\/#primaryimage\"},\"image\":{\"@id\":\"https:\/\/digithalia.buehnen-graz.com\/programm-2026\/die-tragoedie-von-romeo-julia\/#primaryimage\"},\"thumbnailUrl\":\"https:\/\/digithalia.buehnen-graz.com\/wp-content\/uploads\/2026\/01\/Romeo-und-Julia_Mario-Lopatta_Luiza-Monteiro_0114_c_Lex-Karelly-1024x683.jpg\",\"datePublished\":\"2026-01-21T13:57:04+00:00\",\"dateModified\":\"2026-03-20T08:52:05+00:00\",\"breadcrumb\":{\"@id\":\"https:\/\/digithalia.buehnen-graz.com\/programm-2026\/die-tragoedie-von-romeo-julia\/#breadcrumb\"},\"inLanguage\":\"en-GB\",\"potentialAction\":[{\"@type\":\"ReadAction\",\"target\":[\"https:\/\/digithalia.buehnen-graz.com\/programm-2026\/die-tragoedie-von-romeo-julia\/\"]}]},{\"@type\":\"ImageObject\",\"inLanguage\":\"en-GB\",\"@id\":\"https:\/\/digithalia.buehnen-graz.com\/programm-2026\/die-tragoedie-von-romeo-julia\/#primaryimage\",\"url\":\"https:\/\/digithalia.buehnen-graz.com\/wp-content\/uploads\/2026\/01\/Romeo-und-Julia_Mario-Lopatta_Luiza-Monteiro_0114_c_Lex-Karelly-1024x683.jpg\",\"contentUrl\":\"https:\/\/digithalia.buehnen-graz.com\/wp-content\/uploads\/2026\/01\/Romeo-und-Julia_Mario-Lopatta_Luiza-Monteiro_0114_c_Lex-Karelly-1024x683.jpg\"},{\"@type\":\"BreadcrumbList\",\"@id\":\"https:\/\/digithalia.buehnen-graz.com\/programm-2026\/die-tragoedie-von-romeo-julia\/#breadcrumb\",\"itemListElement\":[{\"@type\":\"ListItem\",\"position\":1,\"name\":\"Home\",\"item\":\"https:\/\/digithalia.buehnen-graz.com\/\"},{\"@type\":\"ListItem\",\"position\":2,\"name\":\"Programm 2026\",\"item\":\"https:\/\/digithalia.buehnen-graz.com\/programm-2026\/\"},{\"@type\":\"ListItem\",\"position\":3,\"name\":\"Die Trag\u00f6die von Romeo &amp; Julia\"}]},{\"@type\":\"WebSite\",\"@id\":\"https:\/\/digithalia.buehnen-graz.com\/#website\",\"url\":\"https:\/\/digithalia.buehnen-graz.com\/\",\"name\":\"Digithalia\",\"description\":\"\",\"publisher\":{\"@id\":\"https:\/\/digithalia.buehnen-graz.com\/#organization\"},\"potentialAction\":[{\"@type\":\"SearchAction\",\"target\":{\"@type\":\"EntryPoint\",\"urlTemplate\":\"https:\/\/digithalia.buehnen-graz.com\/?s={search_term_string}\"},\"query-input\":{\"@type\":\"PropertyValueSpecification\",\"valueRequired\":true,\"valueName\":\"search_term_string\"}}],\"inLanguage\":\"en-GB\"},{\"@type\":\"Organization\",\"@id\":\"https:\/\/digithalia.buehnen-graz.com\/#organization\",\"name\":\"Digithalia\",\"url\":\"https:\/\/digithalia.buehnen-graz.com\/\",\"logo\":{\"@type\":\"ImageObject\",\"inLanguage\":\"en-GB\",\"@id\":\"https:\/\/digithalia.buehnen-graz.com\/#\/schema\/logo\/image\/\",\"url\":\"https:\/\/digithalia.buehnen-graz.com\/wp-content\/uploads\/2025\/06\/cropped-Digithalia_WEB_Logo_SMALL.png\",\"contentUrl\":\"https:\/\/digithalia.buehnen-graz.com\/wp-content\/uploads\/2025\/06\/cropped-Digithalia_WEB_Logo_SMALL.png\",\"width\":5000,\"height\":1201,\"caption\":\"Digithalia\"},\"image\":{\"@id\":\"https:\/\/digithalia.buehnen-graz.com\/#\/schema\/logo\/image\/\"}}]}<\/script>\n<!-- \/ Yoast SEO plugin. -->","yoast_head_json":{"title":"Die Trag\u00f6die von Romeo &amp; Julia - Digithalia","robots":{"index":"index","follow":"follow","max-snippet":"max-snippet:-1","max-image-preview":"max-image-preview:large","max-video-preview":"max-video-preview:-1"},"canonical":"https:\/\/digithalia.buehnen-graz.com\/en\/programm-2026\/die-tragoedie-von-romeo-julia\/","og_locale":"en_GB","og_type":"article","og_title":"Die Trag\u00f6die von Romeo &amp; Julia - Digithalia","og_description":"in Deutsch mit englischen \u00dcbertiteln Schauspielhaus 26.03.2026, 19:30 Uhr, Tickets Einf\u00fchrung um 19:00 Uhr Die Trag\u00f6die von Romeo &amp; Julia nach William Shakespeare, Emre Akal, Mehmet &amp; Kazim\u00a0 Schauspielhaus Graz&hellip;","og_url":"https:\/\/digithalia.buehnen-graz.com\/en\/programm-2026\/die-tragoedie-von-romeo-julia\/","og_site_name":"Digithalia","article_modified_time":"2026-03-20T08:52:05+00:00","og_image":[{"width":1920,"height":1280,"url":"https:\/\/digithalia.buehnen-graz.com\/wp-content\/uploads\/2026\/01\/Romeo-und-Julia_Mario-Lopatta_Luiza-Monteiro_0114_c_Lex-Karelly.jpg","type":"image\/jpeg"}],"twitter_card":"summary_large_image","twitter_misc":{"Est. reading time":"3 minutes"},"schema":{"@context":"https:\/\/schema.org","@graph":[{"@type":"WebPage","@id":"https:\/\/digithalia.buehnen-graz.com\/programm-2026\/die-tragoedie-von-romeo-julia\/","url":"https:\/\/digithalia.buehnen-graz.com\/programm-2026\/die-tragoedie-von-romeo-julia\/","name":"Die Trag\u00f6die von Romeo &amp; Julia - Digithalia","isPartOf":{"@id":"https:\/\/digithalia.buehnen-graz.com\/#website"},"primaryImageOfPage":{"@id":"https:\/\/digithalia.buehnen-graz.com\/programm-2026\/die-tragoedie-von-romeo-julia\/#primaryimage"},"image":{"@id":"https:\/\/digithalia.buehnen-graz.com\/programm-2026\/die-tragoedie-von-romeo-julia\/#primaryimage"},"thumbnailUrl":"https:\/\/digithalia.buehnen-graz.com\/wp-content\/uploads\/2026\/01\/Romeo-und-Julia_Mario-Lopatta_Luiza-Monteiro_0114_c_Lex-Karelly-1024x683.jpg","datePublished":"2026-01-21T13:57:04+00:00","dateModified":"2026-03-20T08:52:05+00:00","breadcrumb":{"@id":"https:\/\/digithalia.buehnen-graz.com\/programm-2026\/die-tragoedie-von-romeo-julia\/#breadcrumb"},"inLanguage":"en-GB","potentialAction":[{"@type":"ReadAction","target":["https:\/\/digithalia.buehnen-graz.com\/programm-2026\/die-tragoedie-von-romeo-julia\/"]}]},{"@type":"ImageObject","inLanguage":"en-GB","@id":"https:\/\/digithalia.buehnen-graz.com\/programm-2026\/die-tragoedie-von-romeo-julia\/#primaryimage","url":"https:\/\/digithalia.buehnen-graz.com\/wp-content\/uploads\/2026\/01\/Romeo-und-Julia_Mario-Lopatta_Luiza-Monteiro_0114_c_Lex-Karelly-1024x683.jpg","contentUrl":"https:\/\/digithalia.buehnen-graz.com\/wp-content\/uploads\/2026\/01\/Romeo-und-Julia_Mario-Lopatta_Luiza-Monteiro_0114_c_Lex-Karelly-1024x683.jpg"},{"@type":"BreadcrumbList","@id":"https:\/\/digithalia.buehnen-graz.com\/programm-2026\/die-tragoedie-von-romeo-julia\/#breadcrumb","itemListElement":[{"@type":"ListItem","position":1,"name":"Home","item":"https:\/\/digithalia.buehnen-graz.com\/"},{"@type":"ListItem","position":2,"name":"Programm 2026","item":"https:\/\/digithalia.buehnen-graz.com\/programm-2026\/"},{"@type":"ListItem","position":3,"name":"Die Trag\u00f6die von Romeo &amp; Julia"}]},{"@type":"WebSite","@id":"https:\/\/digithalia.buehnen-graz.com\/#website","url":"https:\/\/digithalia.buehnen-graz.com\/","name":"Digithalia","description":"","publisher":{"@id":"https:\/\/digithalia.buehnen-graz.com\/#organization"},"potentialAction":[{"@type":"SearchAction","target":{"@type":"EntryPoint","urlTemplate":"https:\/\/digithalia.buehnen-graz.com\/?s={search_term_string}"},"query-input":{"@type":"PropertyValueSpecification","valueRequired":true,"valueName":"search_term_string"}}],"inLanguage":"en-GB"},{"@type":"Organization","@id":"https:\/\/digithalia.buehnen-graz.com\/#organization","name":"Digithalia","url":"https:\/\/digithalia.buehnen-graz.com\/","logo":{"@type":"ImageObject","inLanguage":"en-GB","@id":"https:\/\/digithalia.buehnen-graz.com\/#\/schema\/logo\/image\/","url":"https:\/\/digithalia.buehnen-graz.com\/wp-content\/uploads\/2025\/06\/cropped-Digithalia_WEB_Logo_SMALL.png","contentUrl":"https:\/\/digithalia.buehnen-graz.com\/wp-content\/uploads\/2025\/06\/cropped-Digithalia_WEB_Logo_SMALL.png","width":5000,"height":1201,"caption":"Digithalia"},"image":{"@id":"https:\/\/digithalia.buehnen-graz.com\/#\/schema\/logo\/image\/"}}]}},"_links":{"self":[{"href":"https:\/\/digithalia.buehnen-graz.com\/en\/wp-json\/wp\/v2\/pages\/1812","targetHints":{"allow":["GET"]}}],"collection":[{"href":"https:\/\/digithalia.buehnen-graz.com\/en\/wp-json\/wp\/v2\/pages"}],"about":[{"href":"https:\/\/digithalia.buehnen-graz.com\/en\/wp-json\/wp\/v2\/types\/page"}],"author":[{"embeddable":true,"href":"https:\/\/digithalia.buehnen-graz.com\/en\/wp-json\/wp\/v2\/users\/2"}],"replies":[{"embeddable":true,"href":"https:\/\/digithalia.buehnen-graz.com\/en\/wp-json\/wp\/v2\/comments?post=1812"}],"version-history":[{"count":14,"href":"https:\/\/digithalia.buehnen-graz.com\/en\/wp-json\/wp\/v2\/pages\/1812\/revisions"}],"predecessor-version":[{"id":2459,"href":"https:\/\/digithalia.buehnen-graz.com\/en\/wp-json\/wp\/v2\/pages\/1812\/revisions\/2459"}],"up":[{"embeddable":true,"href":"https:\/\/digithalia.buehnen-graz.com\/en\/wp-json\/wp\/v2\/pages\/1789"}],"wp:attachment":[{"href":"https:\/\/digithalia.buehnen-graz.com\/en\/wp-json\/wp\/v2\/media?parent=1812"}],"curies":[{"name":"wp","href":"https:\/\/api.w.org\/{rel}","templated":true}]}}